{"id":7245,"date":"2021-11-10T17:59:09","date_gmt":"2021-11-10T15:59:09","guid":{"rendered":"https:\/\/ekisolar.com\/noticias\/"},"modified":"2025-01-20T11:16:34","modified_gmt":"2025-01-20T09:16:34","slug":"albisteak","status":"publish","type":"page","link":"https:\/\/ekisolar.com\/eu\/albisteak\/","title":{"rendered":"Albisteak"},"content":{"rendered":"<div class=\"fusion-fullwidth fullwidth-box fusion-builder-row-1 fusion-flex-container nonhundred-percent-fullwidth non-hundred-percent-height-scrolling\" style=\"--awb-border-radius-top-left:0px;--awb-border-radius-top-right:0px;--awb-border-radius-bottom-right:0px;--awb-border-radius-bottom-left:0px;--awb-margin-top:-35px;--awb-flex-wrap:wrap;\" ><div class=\"fusion-builder-row fusion-row fusion-flex-align-items-flex-start fusion-flex-content-wrap\" style=\"max-width:1248px;margin-left: calc(-4% \/ 2 );margin-right: calc(-4% \/ 2 );\"><div class=\"fusion-layout-column fusion_builder_column fusion-builder-column-0 fusion_builder_column_3_4 3_4 fusion-flex-column fusion-animated\" style=\"--awb-bg-size:cover;--awb-width-large:75%;--awb-margin-top-large:0px;--awb-spacing-right-large:2.56%;--awb-margin-bottom-large:70px;--awb-spacing-left-large:2.56%;--awb-width-medium:75%;--awb-order-medium:0;--awb-spacing-right-medium:2.56%;--awb-spacing-left-medium:2.56%;--awb-width-small:100%;--awb-order-small:0;--awb-spacing-right-small:1.92%;--awb-margin-bottom-small:40px;--awb-spacing-left-small:1.92%;\" data-animationType=\"fadeInUp\" data-animationDuration=\"1.3\" data-animationOffset=\"top-into-view\"><div class=\"fusion-column-wrapper fusion-column-has-shadow fusion-flex-justify-content-flex-start fusion-content-layout-column\"><div class=\"fusion-blog-shortcode fusion-blog-shortcode-1 fusion-blog-archive fusion-blog-layout-grid-wrapper fusion-blog-no\" style=\"--awb-title-font-size:22px;\"><style type=\"text\/css\">.fusion-blog-shortcode-1 .fusion-blog-layout-grid .fusion-post-grid{padding:20px;}.fusion-blog-shortcode-1 .fusion-posts-container{margin-left: -20px !important; margin-right:-20px !important;}<\/style><div class=\"fusion-posts-container fusion-posts-container-no fusion-blog-rollover fusion-blog-layout-grid fusion-blog-layout-grid-2 isotope fusion-blog-equal-heights\" data-pages=\"0\" data-grid-col-space=\"40\" style=\"margin: -20px -20px 0;min-height:500px;\"><article id=\"blog-1-post-7539\" class=\"fusion-post-grid post-7539 post type-post status-publish format-standard has-post-thumbnail hentry category-aerotermia-eu category-berrikuntza category-diagnostikoa-ingeniaritza-eta-kudeaketa category-energia-biltegiratzea category-fotovoltaikoa category-korporatiboa category-soluzio-elektrikoak-eta-klimatizazioa\">\n<div class=\"fusion-post-wrapper\" style=\"background-color:rgba(255,255,255,0);border:1px solid var(--awb-color2);border-bottom-width:3px;\">\n\n\t\t\t<div class=\"fusion-flexslider flexslider fusion-flexslider-loading fusion-post-slideshow\" style=\"border-color:var(--awb-color2);\">\n\t\t<ul class=\"slides\">\n\t\t\t\n\t\t\t\t\t\t\t\t\t\t\t\t\t\t<li><div  class=\"fusion-image-wrapper\" aria-haspopup=\"true\">\n\t\t\t\t<img decoding=\"async\" width=\"1201\" height=\"601\" src=\"https:\/\/ekisolar.com\/wp-content\/uploads\/2025\/02\/ekienergy_autoconsumosiguetirando.jpg\" class=\"attachment-full size-full lazyload wp-post-image\" alt=\"\" srcset=\"data:image\/svg+xml,%3Csvg%20xmlns%3D%27http%3A%2F%2Fwww.w3.org%2F2000%2Fsvg%27%20width%3D%271201%27%20height%3D%27601%27%20viewBox%3D%270%200%201201%20601%27%3E%3Crect%20width%3D%271201%27%20height%3D%27601%27%20fill-opacity%3D%220%22%2F%3E%3C%2Fsvg%3E\" data-orig-src=\"https:\/\/ekisolar.com\/wp-content\/uploads\/2025\/02\/ekienergy_autoconsumosiguetirando.jpg\" data-srcset=\"https:\/\/ekisolar.com\/wp-content\/uploads\/2025\/02\/ekienergy_autoconsumosiguetirando-200x100.jpg 200w, https:\/\/ekisolar.com\/wp-content\/uploads\/2025\/02\/ekienergy_autoconsumosiguetirando-400x200.jpg 400w, https:\/\/ekisolar.com\/wp-content\/uploads\/2025\/02\/ekienergy_autoconsumosiguetirando-600x300.jpg 600w, https:\/\/ekisolar.com\/wp-content\/uploads\/2025\/02\/ekienergy_autoconsumosiguetirando-800x400.jpg 800w, https:\/\/ekisolar.com\/wp-content\/uploads\/2025\/02\/ekienergy_autoconsumosiguetirando.jpg 1201w\" data-sizes=\"auto\" \/><div class=\"fusion-rollover\">\n\t<div class=\"fusion-rollover-content\">\n\n\t\t\t\t\n\t\t\n\t\t\t\t\t\t\t\t\t\t\t\t<h4 class=\"fusion-rollover-title\">\n\t\t\t\t\t<a class=\"fusion-rollover-title-link\" href=\"https:\/\/ekisolar.com\/eu\/sigue-el-tiron-del-autonconsumo-con-fuerza\/\">\n\t\t\t\t\t\tSigue el tir\u00f3n del autonconsumo con fuerza\t\t\t\t\t<\/a>\n\t\t\t\t<\/h4>\n\t\t\t\n\t\t\t\t\t\t\t\t\n\t\t\n\t\t\t\t\t\t<a class=\"fusion-link-wrapper\" href=\"https:\/\/ekisolar.com\/eu\/sigue-el-tiron-del-autonconsumo-con-fuerza\/\" aria-label=\"Sigue el tir\u00f3n del autonconsumo con fuerza\"><\/a>\n\t<\/div>\n<\/div>\n<\/div>\n<\/li>\n\t\t\t\n\t\t\t\n\t\t\t\t\t\t\t\t\t\t\t\t\t\t\t\t\t\t\t\t\t\t\t\t\t\t\t\t\t\t\t\t\t\t\t\t\t\t\t\t\t\t\t\t\t\t\t\t\t\t\t\t\t\t\t\t\t\t\t\t\t\t\t\t\t\t\t\t<\/ul>\n\t<\/div>\n\t<div class=\"fusion-post-content-wrapper\" style=\"padding:30px 25px 25px 25px;\"><div class=\"fusion-post-content post-content\"><h2 class=\"blog-shortcode-post-title entry-title\"><a href=\"https:\/\/ekisolar.com\/eu\/sigue-el-tiron-del-autonconsumo-con-fuerza\/\">Sigue el tir\u00f3n del autonconsumo con fuerza<\/a><\/h2><p class=\"fusion-single-line-meta\"><span class=\"vcard\" style=\"display: none;\"><span class=\"fn\"><a href=\"https:\/\/ekisolar.com\/eu\/author\/ncencomunicacion\/\" title=\"Posts by NCencomunicacion\" rel=\"author\">NCencomunicacion<\/a><\/span><\/span><span class=\"updated\" style=\"display:none;\">2025-02-24T18:11:10+01:00<\/span><span>24 Otsaila, 2025<\/span><span class=\"fusion-inline-sep\">|<\/span><\/p><div class=\"fusion-content-sep sep-double sep-solid\"><\/div><div class=\"fusion-post-content-container\"><p>El autoconsumo tira con fuerza, empujado por las administraciones de distintos niveles, por convicci\u00f3n (compromiso) o por marketing. Tambi\u00e9n l\u00f3gicamente por la rentabilidad, aunque m\u00e1s cruda siempre m\u00e1s sincera.<\/p><\/div><\/div><div class=\"fusion-meta-info\"><div class=\"fusion-alignleft\"><a class=\"fusion-read-more\" href=\"https:\/\/ekisolar.com\/eu\/sigue-el-tiron-del-autonconsumo-con-fuerza\/\" aria-label=\"More on Sigue el tir\u00f3n del autonconsumo con fuerza\">Jarraitu irakurtzen<\/a><\/div><\/div><\/div><div class=\"fusion-clearfix\"><\/div><\/div>\n<\/article>\n<article id=\"blog-1-post-7540\" class=\"fusion-post-grid post-7540 post type-post status-publish format-standard has-post-thumbnail hentry category-fotovoltaikoa\">\n<div class=\"fusion-post-wrapper\" style=\"background-color:rgba(255,255,255,0);border:1px solid var(--awb-color2);border-bottom-width:3px;\">\n\n\t\t\t<div class=\"fusion-flexslider flexslider fusion-flexslider-loading fusion-post-slideshow\" style=\"border-color:var(--awb-color2);\">\n\t\t<ul class=\"slides\">\n\t\t\t\n\t\t\t\t\t\t\t\t\t\t\t\t\t\t<li><div  class=\"fusion-image-wrapper\" aria-haspopup=\"true\">\n\t\t\t\t<img decoding=\"async\" width=\"1201\" height=\"601\" src=\"https:\/\/ekisolar.com\/wp-content\/uploads\/2025\/02\/autochapistas_proyecto_ekienergy.jpg\" class=\"attachment-full size-full lazyload wp-post-image\" alt=\"\" srcset=\"data:image\/svg+xml,%3Csvg%20xmlns%3D%27http%3A%2F%2Fwww.w3.org%2F2000%2Fsvg%27%20width%3D%271201%27%20height%3D%27601%27%20viewBox%3D%270%200%201201%20601%27%3E%3Crect%20width%3D%271201%27%20height%3D%27601%27%20fill-opacity%3D%220%22%2F%3E%3C%2Fsvg%3E\" data-orig-src=\"https:\/\/ekisolar.com\/wp-content\/uploads\/2025\/02\/autochapistas_proyecto_ekienergy.jpg\" data-srcset=\"https:\/\/ekisolar.com\/wp-content\/uploads\/2025\/02\/autochapistas_proyecto_ekienergy-200x100.jpg 200w, https:\/\/ekisolar.com\/wp-content\/uploads\/2025\/02\/autochapistas_proyecto_ekienergy-400x200.jpg 400w, https:\/\/ekisolar.com\/wp-content\/uploads\/2025\/02\/autochapistas_proyecto_ekienergy-600x300.jpg 600w, https:\/\/ekisolar.com\/wp-content\/uploads\/2025\/02\/autochapistas_proyecto_ekienergy-800x400.jpg 800w, https:\/\/ekisolar.com\/wp-content\/uploads\/2025\/02\/autochapistas_proyecto_ekienergy.jpg 1201w\" data-sizes=\"auto\" \/><div class=\"fusion-rollover\">\n\t<div class=\"fusion-rollover-content\">\n\n\t\t\t\t\n\t\t\n\t\t\t\t\t\t\t\t\t\t\t\t<h4 class=\"fusion-rollover-title\">\n\t\t\t\t\t<a class=\"fusion-rollover-title-link\" href=\"https:\/\/ekisolar.com\/eu\/ekienergy-realiza-la-instalacion-fotovoltaica-para-autochapistas-en-mutilva-navarra\/\">\n\t\t\t\t\t\tEKIENERGY realiza la instalaci\u00f3n fotovoltaica para Autochapistas en Mutilva (Navarra)\t\t\t\t\t<\/a>\n\t\t\t\t<\/h4>\n\t\t\t\n\t\t\t\t\t\t\t\t\n\t\t\n\t\t\t\t\t\t<a class=\"fusion-link-wrapper\" href=\"https:\/\/ekisolar.com\/eu\/ekienergy-realiza-la-instalacion-fotovoltaica-para-autochapistas-en-mutilva-navarra\/\" aria-label=\"EKIENERGY realiza la instalaci\u00f3n fotovoltaica para Autochapistas en Mutilva (Navarra)\"><\/a>\n\t<\/div>\n<\/div>\n<\/div>\n<\/li>\n\t\t\t\n\t\t\t\n\t\t\t\t\t\t\t\t\t\t\t\t\t\t\t\t\t\t\t\t\t\t\t\t\t\t\t\t\t\t\t\t\t\t\t\t\t\t\t\t\t\t\t\t\t\t\t\t\t\t\t\t\t\t\t\t\t\t\t\t\t\t\t\t\t\t\t\t<\/ul>\n\t<\/div>\n\t<div class=\"fusion-post-content-wrapper\" style=\"padding:30px 25px 25px 25px;\"><div class=\"fusion-post-content post-content\"><h2 class=\"blog-shortcode-post-title entry-title\"><a href=\"https:\/\/ekisolar.com\/eu\/ekienergy-realiza-la-instalacion-fotovoltaica-para-autochapistas-en-mutilva-navarra\/\">EKIENERGY realiza la instalaci\u00f3n fotovoltaica para Autochapistas en Mutilva (Navarra)<\/a><\/h2><p class=\"fusion-single-line-meta\"><span class=\"vcard\" style=\"display: none;\"><span class=\"fn\"><a href=\"https:\/\/ekisolar.com\/eu\/author\/ncencomunicacion\/\" title=\"Posts by NCencomunicacion\" rel=\"author\">NCencomunicacion<\/a><\/span><\/span><span class=\"updated\" style=\"display:none;\">2025-02-18T11:14:30+01:00<\/span><span>18 Otsaila, 2025<\/span><span class=\"fusion-inline-sep\">|<\/span><\/p><div class=\"fusion-content-sep sep-double sep-solid\"><\/div><div class=\"fusion-post-content-container\"><p>Recientemente EKIENERGY ha finalizado el proyecto de la instalaci\u00f3n fotovoltaica de autoconsumo en la sede de AUTOCHAPISTAS en Mutilva (Navarra), empresa de referencia en la reparaci\u00f3n de chapa y pintura de todo tipo de veh\u00edculos.<\/p><\/div><\/div><div class=\"fusion-meta-info\"><div class=\"fusion-alignleft\"><a class=\"fusion-read-more\" href=\"https:\/\/ekisolar.com\/eu\/ekienergy-realiza-la-instalacion-fotovoltaica-para-autochapistas-en-mutilva-navarra\/\" aria-label=\"More on EKIENERGY realiza la instalaci\u00f3n fotovoltaica para Autochapistas en Mutilva (Navarra)\">Jarraitu irakurtzen<\/a><\/div><\/div><\/div><div class=\"fusion-clearfix\"><\/div><\/div>\n<\/article>\n<article id=\"blog-1-post-7483\" class=\"fusion-post-grid post-7483 post type-post status-publish format-standard has-post-thumbnail hentry category-aerotermia-eu category-berrikuntza category-diagnostikoa-ingeniaritza-eta-kudeaketa category-energia-biltegiratzea category-fotovoltaikoa category-korporatiboa category-soluzio-elektrikoak-eta-klimatizazioa\">\n<div class=\"fusion-post-wrapper\" style=\"background-color:rgba(255,255,255,0);border:1px solid var(--awb-color2);border-bottom-width:3px;\">\n\n\t\t\t<div class=\"fusion-flexslider flexslider fusion-flexslider-loading fusion-post-slideshow\" style=\"border-color:var(--awb-color2);\">\n\t\t<ul class=\"slides\">\n\t\t\t\n\t\t\t\t\t\t\t\t\t\t\t\t\t\t<li><div  class=\"fusion-image-wrapper\" aria-haspopup=\"true\">\n\t\t\t\t<img decoding=\"async\" width=\"1201\" height=\"601\" src=\"https:\/\/ekisolar.com\/wp-content\/uploads\/2025\/01\/ekienergy_miradaalsector.jpg\" class=\"attachment-full size-full lazyload wp-post-image\" alt=\"\" srcset=\"data:image\/svg+xml,%3Csvg%20xmlns%3D%27http%3A%2F%2Fwww.w3.org%2F2000%2Fsvg%27%20width%3D%271201%27%20height%3D%27601%27%20viewBox%3D%270%200%201201%20601%27%3E%3Crect%20width%3D%271201%27%20height%3D%27601%27%20fill-opacity%3D%220%22%2F%3E%3C%2Fsvg%3E\" data-orig-src=\"https:\/\/ekisolar.com\/wp-content\/uploads\/2025\/01\/ekienergy_miradaalsector.jpg\" data-srcset=\"https:\/\/ekisolar.com\/wp-content\/uploads\/2025\/01\/ekienergy_miradaalsector-200x100.jpg 200w, https:\/\/ekisolar.com\/wp-content\/uploads\/2025\/01\/ekienergy_miradaalsector-400x200.jpg 400w, https:\/\/ekisolar.com\/wp-content\/uploads\/2025\/01\/ekienergy_miradaalsector-600x300.jpg 600w, https:\/\/ekisolar.com\/wp-content\/uploads\/2025\/01\/ekienergy_miradaalsector-800x400.jpg 800w, https:\/\/ekisolar.com\/wp-content\/uploads\/2025\/01\/ekienergy_miradaalsector.jpg 1201w\" data-sizes=\"auto\" \/><div class=\"fusion-rollover\">\n\t<div class=\"fusion-rollover-content\">\n\n\t\t\t\t\n\t\t\n\t\t\t\t\t\t\t\t\t\t\t\t<h4 class=\"fusion-rollover-title\">\n\t\t\t\t\t<a class=\"fusion-rollover-title-link\" href=\"https:\/\/ekisolar.com\/eu\/veinte-anos-no-son-nada-o-si-una-mirada-no-nostalgica-al-sector-fotovoltaico-en-2006\/\">\n\t\t\t\t\t\tVeinte a\u00f1os no son nada&#8230; o s\u00ed; una mirada &#8220;no nost\u00e1lgica&#8221; al sector fotovoltaico en 2006\t\t\t\t\t<\/a>\n\t\t\t\t<\/h4>\n\t\t\t\n\t\t\t\t\t\t\t\t\n\t\t\n\t\t\t\t\t\t<a class=\"fusion-link-wrapper\" href=\"https:\/\/ekisolar.com\/eu\/veinte-anos-no-son-nada-o-si-una-mirada-no-nostalgica-al-sector-fotovoltaico-en-2006\/\" aria-label=\"Veinte a\u00f1os no son nada&#8230; o s\u00ed; una mirada &#8220;no nost\u00e1lgica&#8221; al sector fotovoltaico en 2006\"><\/a>\n\t<\/div>\n<\/div>\n<\/div>\n<\/li>\n\t\t\t\n\t\t\t\n\t\t\t\t\t\t\t\t\t\t\t\t\t\t\t\t\t\t\t\t\t\t\t\t\t\t\t\t\t\t\t\t\t\t\t\t\t\t\t\t\t\t\t\t\t\t\t\t\t\t\t\t\t\t\t\t\t\t\t\t\t\t\t\t\t\t\t\t<\/ul>\n\t<\/div>\n\t<div class=\"fusion-post-content-wrapper\" style=\"padding:30px 25px 25px 25px;\"><div class=\"fusion-post-content post-content\"><h2 class=\"blog-shortcode-post-title entry-title\"><a href=\"https:\/\/ekisolar.com\/eu\/veinte-anos-no-son-nada-o-si-una-mirada-no-nostalgica-al-sector-fotovoltaico-en-2006\/\">Veinte a\u00f1os no son nada&#8230; o s\u00ed; una mirada &#8220;no nost\u00e1lgica&#8221; al sector fotovoltaico en 2006<\/a><\/h2><p class=\"fusion-single-line-meta\"><span class=\"vcard\" style=\"display: none;\"><span class=\"fn\"><a href=\"https:\/\/ekisolar.com\/eu\/author\/ncencomunicacion\/\" title=\"Posts by NCencomunicacion\" rel=\"author\">NCencomunicacion<\/a><\/span><\/span><span class=\"updated\" style=\"display:none;\">2025-01-27T20:16:25+01:00<\/span><span>27 Urtarrila, 2025<\/span><span class=\"fusion-inline-sep\">|<\/span><\/p><div class=\"fusion-content-sep sep-double sep-solid\"><\/div><div class=\"fusion-post-content-container\"><p>Llevar casi 20 a\u00f1os en el sector fotovoltaico te da una cierta perspectiva de c\u00f3mo ha sido la historia -aunque corta pero intensa- de este sector en Espa\u00f1a. Lo hablaba hace unos d\u00edas con un colega de aquellos tiempos, que aunque parecen tan lejanos en la mente no lo son tanto en el n\u00famero de a\u00f1os que han pasado.<\/p><\/div><\/div><div class=\"fusion-meta-info\"><div class=\"fusion-alignleft\"><a class=\"fusion-read-more\" href=\"https:\/\/ekisolar.com\/eu\/veinte-anos-no-son-nada-o-si-una-mirada-no-nostalgica-al-sector-fotovoltaico-en-2006\/\" aria-label=\"More on Veinte a\u00f1os no son nada&#8230; o s\u00ed; una mirada &#8220;no nost\u00e1lgica&#8221; al sector fotovoltaico en 2006\">Jarraitu irakurtzen<\/a><\/div><\/div><\/div><div class=\"fusion-clearfix\"><\/div><\/div>\n<\/article>\n<article id=\"blog-1-post-7426\" class=\"fusion-post-grid post-7426 post type-post status-publish format-standard has-post-thumbnail hentry category-aerotermia-eu category-berrikuntza category-diagnostikoa-ingeniaritza-eta-kudeaketa category-energia-biltegiratzea category-fotovoltaikoa category-korporatiboa category-soluzio-elektrikoak-eta-klimatizazioa\">\n<div class=\"fusion-post-wrapper\" style=\"background-color:rgba(255,255,255,0);border:1px solid var(--awb-color2);border-bottom-width:3px;\">\n\n\t\t\t<div class=\"fusion-flexslider flexslider fusion-flexslider-loading fusion-post-slideshow\" style=\"border-color:var(--awb-color2);\">\n\t\t<ul class=\"slides\">\n\t\t\t\n\t\t\t\t\t\t\t\t\t\t\t\t\t\t<li><div  class=\"fusion-image-wrapper\" aria-haspopup=\"true\">\n\t\t\t\t<img decoding=\"async\" width=\"1201\" height=\"601\" src=\"https:\/\/ekisolar.com\/wp-content\/uploads\/2024\/11\/empresa_Cero_emisiones_ekienergy.jpg\" class=\"attachment-full size-full lazyload wp-post-image\" alt=\"\" srcset=\"data:image\/svg+xml,%3Csvg%20xmlns%3D%27http%3A%2F%2Fwww.w3.org%2F2000%2Fsvg%27%20width%3D%271201%27%20height%3D%27601%27%20viewBox%3D%270%200%201201%20601%27%3E%3Crect%20width%3D%271201%27%20height%3D%27601%27%20fill-opacity%3D%220%22%2F%3E%3C%2Fsvg%3E\" data-orig-src=\"https:\/\/ekisolar.com\/wp-content\/uploads\/2024\/11\/empresa_Cero_emisiones_ekienergy.jpg\" data-srcset=\"https:\/\/ekisolar.com\/wp-content\/uploads\/2024\/11\/empresa_Cero_emisiones_ekienergy-200x100.jpg 200w, https:\/\/ekisolar.com\/wp-content\/uploads\/2024\/11\/empresa_Cero_emisiones_ekienergy-400x200.jpg 400w, https:\/\/ekisolar.com\/wp-content\/uploads\/2024\/11\/empresa_Cero_emisiones_ekienergy-600x300.jpg 600w, https:\/\/ekisolar.com\/wp-content\/uploads\/2024\/11\/empresa_Cero_emisiones_ekienergy-800x400.jpg 800w, https:\/\/ekisolar.com\/wp-content\/uploads\/2024\/11\/empresa_Cero_emisiones_ekienergy.jpg 1201w\" data-sizes=\"auto\" \/><div class=\"fusion-rollover\">\n\t<div class=\"fusion-rollover-content\">\n\n\t\t\t\t\n\t\t\n\t\t\t\t\t\t\t\t\t\t\t\t<h4 class=\"fusion-rollover-title\">\n\t\t\t\t\t<a class=\"fusion-rollover-title-link\" href=\"https:\/\/ekisolar.com\/eu\/nola-lortu-zero-isuri-enpresa-izatea\/\">\n\t\t\t\t\t\tNola lortu \u00abzero isuri\u00bb enpresa izatea?\t\t\t\t\t<\/a>\n\t\t\t\t<\/h4>\n\t\t\t\n\t\t\t\t\t\t\t\t\n\t\t\n\t\t\t\t\t\t<a class=\"fusion-link-wrapper\" href=\"https:\/\/ekisolar.com\/eu\/nola-lortu-zero-isuri-enpresa-izatea\/\" aria-label=\"Nola lortu \u00abzero isuri\u00bb enpresa izatea?\"><\/a>\n\t<\/div>\n<\/div>\n<\/div>\n<\/li>\n\t\t\t\n\t\t\t\n\t\t\t\t\t\t\t\t\t\t\t\t\t\t\t\t\t\t\t\t\t\t\t\t\t\t\t\t\t\t\t\t\t\t\t\t\t\t\t\t\t\t\t\t\t\t\t\t\t\t\t\t\t\t\t\t\t\t\t\t\t\t\t\t\t\t\t\t<\/ul>\n\t<\/div>\n\t<div class=\"fusion-post-content-wrapper\" style=\"padding:30px 25px 25px 25px;\"><div class=\"fusion-post-content post-content\"><h2 class=\"blog-shortcode-post-title entry-title\"><a href=\"https:\/\/ekisolar.com\/eu\/nola-lortu-zero-isuri-enpresa-izatea\/\">Nola lortu \u00abzero isuri\u00bb enpresa izatea?<\/a><\/h2><p class=\"fusion-single-line-meta\"><span class=\"vcard\" style=\"display: none;\"><span class=\"fn\"><a href=\"https:\/\/ekisolar.com\/eu\/author\/ncencomunicacion\/\" title=\"Posts by NCencomunicacion\" rel=\"author\">NCencomunicacion<\/a><\/span><\/span><span class=\"updated\" style=\"display:none;\">2025-01-20T13:39:16+01:00<\/span><span>1 Azaroa, 2024<\/span><span class=\"fusion-inline-sep\">|<\/span><\/p><div class=\"fusion-content-sep sep-double sep-solid\"><\/div><div class=\"fusion-post-content-container\"><p>Enpresen munduan zero isuri garbiranzko bidean lan egiteko joera inoiz baino biziago dago. Deskarbonizazioa lortzeko, helburu batzuk ezarri behar dira berotegi-efektuko gasak murrizteko, eta, horren aurretik, plan erreal eta zehatz bat taxutu behar da.<\/p><\/div><\/div><div class=\"fusion-meta-info\"><div class=\"fusion-alignleft\"><a class=\"fusion-read-more\" href=\"https:\/\/ekisolar.com\/eu\/nola-lortu-zero-isuri-enpresa-izatea\/\" aria-label=\"More on Nola lortu \u00abzero isuri\u00bb enpresa izatea?\">Jarraitu irakurtzen<\/a><\/div><\/div><\/div><div class=\"fusion-clearfix\"><\/div><\/div>\n<\/article>\n<article id=\"blog-1-post-7423\" class=\"fusion-post-grid post-7423 post type-post status-publish format-standard has-post-thumbnail hentry category-fotovoltaikoa category-korporatiboa category-soluzio-elektrikoak-eta-klimatizazioa\">\n<div class=\"fusion-post-wrapper\" style=\"background-color:rgba(255,255,255,0);border:1px solid var(--awb-color2);border-bottom-width:3px;\">\n\n\t\t\t<div class=\"fusion-flexslider flexslider fusion-flexslider-loading fusion-post-slideshow\" style=\"border-color:var(--awb-color2);\">\n\t\t<ul class=\"slides\">\n\t\t\t\n\t\t\t\t\t\t\t\t\t\t\t\t\t\t<li><div  class=\"fusion-image-wrapper\" aria-haspopup=\"true\">\n\t\t\t\t<img decoding=\"async\" width=\"1201\" height=\"601\" src=\"https:\/\/ekisolar.com\/wp-content\/uploads\/2024\/10\/tabakalera_adjudicacion_ekienergy.jpg\" class=\"attachment-full size-full lazyload wp-post-image\" alt=\"\" srcset=\"data:image\/svg+xml,%3Csvg%20xmlns%3D%27http%3A%2F%2Fwww.w3.org%2F2000%2Fsvg%27%20width%3D%271201%27%20height%3D%27601%27%20viewBox%3D%270%200%201201%20601%27%3E%3Crect%20width%3D%271201%27%20height%3D%27601%27%20fill-opacity%3D%220%22%2F%3E%3C%2Fsvg%3E\" data-orig-src=\"https:\/\/ekisolar.com\/wp-content\/uploads\/2024\/10\/tabakalera_adjudicacion_ekienergy.jpg\" data-srcset=\"https:\/\/ekisolar.com\/wp-content\/uploads\/2024\/10\/tabakalera_adjudicacion_ekienergy-200x100.jpg 200w, https:\/\/ekisolar.com\/wp-content\/uploads\/2024\/10\/tabakalera_adjudicacion_ekienergy-400x200.jpg 400w, https:\/\/ekisolar.com\/wp-content\/uploads\/2024\/10\/tabakalera_adjudicacion_ekienergy-600x300.jpg 600w, https:\/\/ekisolar.com\/wp-content\/uploads\/2024\/10\/tabakalera_adjudicacion_ekienergy-800x400.jpg 800w, https:\/\/ekisolar.com\/wp-content\/uploads\/2024\/10\/tabakalera_adjudicacion_ekienergy.jpg 1201w\" data-sizes=\"auto\" \/><div class=\"fusion-rollover\">\n\t<div class=\"fusion-rollover-content\">\n\n\t\t\t\t\n\t\t\n\t\t\t\t\t\t\t\t\t\t\t\t<h4 class=\"fusion-rollover-title\">\n\t\t\t\t\t<a class=\"fusion-rollover-title-link\" href=\"https:\/\/ekisolar.com\/eu\/ekienergyk-instalazio-fotovoltaikoa-egingo-du-donostiako-tabakalerako-eraikinean\/\">\n\t\t\t\t\t\tEKIENERGYk instalazio fotovoltaikoa egingo du Donostiako Tabakalerako eraikinean\t\t\t\t\t<\/a>\n\t\t\t\t<\/h4>\n\t\t\t\n\t\t\t\t\t\t\t\t\n\t\t\n\t\t\t\t\t\t<a class=\"fusion-link-wrapper\" href=\"https:\/\/ekisolar.com\/eu\/ekienergyk-instalazio-fotovoltaikoa-egingo-du-donostiako-tabakalerako-eraikinean\/\" aria-label=\"EKIENERGYk instalazio fotovoltaikoa egingo du Donostiako Tabakalerako eraikinean\"><\/a>\n\t<\/div>\n<\/div>\n<\/div>\n<\/li>\n\t\t\t\n\t\t\t\n\t\t\t\t\t\t\t\t\t\t\t\t\t\t\t\t\t\t\t\t\t\t\t\t\t\t\t\t\t\t\t\t\t\t\t\t\t\t\t\t\t\t\t\t\t\t\t\t\t\t\t\t\t\t\t\t\t\t\t\t\t\t\t\t\t\t\t\t<\/ul>\n\t<\/div>\n\t<div class=\"fusion-post-content-wrapper\" style=\"padding:30px 25px 25px 25px;\"><div class=\"fusion-post-content post-content\"><h2 class=\"blog-shortcode-post-title entry-title\"><a href=\"https:\/\/ekisolar.com\/eu\/ekienergyk-instalazio-fotovoltaikoa-egingo-du-donostiako-tabakalerako-eraikinean\/\">EKIENERGYk instalazio fotovoltaikoa egingo du Donostiako Tabakalerako eraikinean<\/a><\/h2><p class=\"fusion-single-line-meta\"><span class=\"vcard\" style=\"display: none;\"><span class=\"fn\"><a href=\"https:\/\/ekisolar.com\/eu\/author\/ncencomunicacion\/\" title=\"Posts by NCencomunicacion\" rel=\"author\">NCencomunicacion<\/a><\/span><\/span><span class=\"updated\" style=\"display:none;\">2025-01-20T13:36:49+01:00<\/span><span>21 Urria, 2024<\/span><span class=\"fusion-inline-sep\">|<\/span><\/p><div class=\"fusion-content-sep sep-double sep-solid\"><\/div><div class=\"fusion-post-content-container\"><p>Laster abian jarriko dugun proiektu batek ilusio berezia egiten digu: Donostiako TABAKALERA Kultura Garaikidearen Nazioarteko Zentroaren estalkian plaka fotovoltaikoak jartzea.<\/p><\/div><\/div><div class=\"fusion-meta-info\"><div class=\"fusion-alignleft\"><a class=\"fusion-read-more\" href=\"https:\/\/ekisolar.com\/eu\/ekienergyk-instalazio-fotovoltaikoa-egingo-du-donostiako-tabakalerako-eraikinean\/\" aria-label=\"More on EKIENERGYk instalazio fotovoltaikoa egingo du Donostiako Tabakalerako eraikinean\">Jarraitu irakurtzen<\/a><\/div><\/div><\/div><div class=\"fusion-clearfix\"><\/div><\/div>\n<\/article>\n<article id=\"blog-1-post-7419\" class=\"fusion-post-grid post-7419 post type-post status-publish format-standard has-post-thumbnail hentry category-korporatiboa\">\n<div class=\"fusion-post-wrapper\" style=\"background-color:rgba(255,255,255,0);border:1px solid var(--awb-color2);border-bottom-width:3px;\">\n\n\t\t\t<div class=\"fusion-flexslider flexslider fusion-flexslider-loading fusion-post-slideshow\" style=\"border-color:var(--awb-color2);\">\n\t\t<ul class=\"slides\">\n\t\t\t\n\t\t\t\t\t\t\t\t\t\t\t\t\t\t<li><div  class=\"fusion-image-wrapper\" aria-haspopup=\"true\">\n\t\t\t\t<img decoding=\"async\" width=\"1201\" height=\"601\" src=\"https:\/\/ekisolar.com\/wp-content\/uploads\/2024\/10\/Prov-Unimos-LK-TW.png\" class=\"attachment-full size-full lazyload wp-post-image\" alt=\"\" srcset=\"data:image\/svg+xml,%3Csvg%20xmlns%3D%27http%3A%2F%2Fwww.w3.org%2F2000%2Fsvg%27%20width%3D%271201%27%20height%3D%27601%27%20viewBox%3D%270%200%201201%20601%27%3E%3Crect%20width%3D%271201%27%20height%3D%27601%27%20fill-opacity%3D%220%22%2F%3E%3C%2Fsvg%3E\" data-orig-src=\"https:\/\/ekisolar.com\/wp-content\/uploads\/2024\/10\/Prov-Unimos-LK-TW.png\" data-srcset=\"https:\/\/ekisolar.com\/wp-content\/uploads\/2024\/10\/Prov-Unimos-LK-TW-200x100.png 200w, https:\/\/ekisolar.com\/wp-content\/uploads\/2024\/10\/Prov-Unimos-LK-TW-400x200.png 400w, https:\/\/ekisolar.com\/wp-content\/uploads\/2024\/10\/Prov-Unimos-LK-TW-600x300.png 600w, https:\/\/ekisolar.com\/wp-content\/uploads\/2024\/10\/Prov-Unimos-LK-TW-800x400.png 800w, https:\/\/ekisolar.com\/wp-content\/uploads\/2024\/10\/Prov-Unimos-LK-TW.png 1201w\" data-sizes=\"auto\" \/><div class=\"fusion-rollover\">\n\t<div class=\"fusion-rollover-content\">\n\n\t\t\t\t\n\t\t\n\t\t\t\t\t\t\t\t\t\t\t\t<h4 class=\"fusion-rollover-title\">\n\t\t\t\t\t<a class=\"fusion-rollover-title-link\" href=\"https:\/\/ekisolar.com\/eu\/ekienergyk-hornitzaile-jasangarriak-gaikuntza-programaren-ziurtagiria-eskuratu-du\/\">\n\t\t\t\t\t\tEkienergyk \u201cHornitzaile jasangarriak\u201d gaikuntza-programaren ziurtagiria eskuratu du\t\t\t\t\t<\/a>\n\t\t\t\t<\/h4>\n\t\t\t\n\t\t\t\t\t\t\t\t\n\t\t\n\t\t\t\t\t\t<a class=\"fusion-link-wrapper\" href=\"https:\/\/ekisolar.com\/eu\/ekienergyk-hornitzaile-jasangarriak-gaikuntza-programaren-ziurtagiria-eskuratu-du\/\" aria-label=\"Ekienergyk \u201cHornitzaile jasangarriak\u201d gaikuntza-programaren ziurtagiria eskuratu du\"><\/a>\n\t<\/div>\n<\/div>\n<\/div>\n<\/li>\n\t\t\t\n\t\t\t\n\t\t\t\t\t\t\t\t\t\t\t\t\t\t\t\t\t\t\t\t\t\t\t\t\t\t\t\t\t\t\t\t\t\t\t\t\t\t\t\t\t\t\t\t\t\t\t\t\t\t\t\t\t\t\t\t\t\t\t\t\t\t\t\t\t\t\t\t<\/ul>\n\t<\/div>\n\t<div class=\"fusion-post-content-wrapper\" style=\"padding:30px 25px 25px 25px;\"><div class=\"fusion-post-content post-content\"><h2 class=\"blog-shortcode-post-title entry-title\"><a href=\"https:\/\/ekisolar.com\/eu\/ekienergyk-hornitzaile-jasangarriak-gaikuntza-programaren-ziurtagiria-eskuratu-du\/\">Ekienergyk \u201cHornitzaile jasangarriak\u201d gaikuntza-programaren ziurtagiria eskuratu du<\/a><\/h2><p class=\"fusion-single-line-meta\"><span class=\"vcard\" style=\"display: none;\"><span class=\"fn\"><a href=\"https:\/\/ekisolar.com\/eu\/author\/jaime-zubiaur\/\" title=\"Posts by Jaime Zubiaur\" rel=\"author\">Jaime Zubiaur<\/a><\/span><\/span><span class=\"updated\" style=\"display:none;\">2025-01-20T13:34:22+01:00<\/span><span>1 Urria, 2024<\/span><span class=\"fusion-inline-sep\">|<\/span><\/p><div class=\"fusion-content-sep sep-double sep-solid\"><\/div><div class=\"fusion-post-content-container\"><p>Ekisolarren beste urrats bat eman dugu iraunkortasunaren bidean, eta bat egin dugu NBE Espainiaren Munduko Itunaren, ICO Fundazioa eta ICEXen \u201cGaikuntza-programa: hornitzaile jasangarriak\u201d programarekin.<\/p><\/div><\/div><div class=\"fusion-meta-info\"><div class=\"fusion-alignleft\"><a class=\"fusion-read-more\" href=\"https:\/\/ekisolar.com\/eu\/ekienergyk-hornitzaile-jasangarriak-gaikuntza-programaren-ziurtagiria-eskuratu-du\/\" aria-label=\"More on Ekienergyk \u201cHornitzaile jasangarriak\u201d gaikuntza-programaren ziurtagiria eskuratu du\">Jarraitu irakurtzen<\/a><\/div><\/div><\/div><div class=\"fusion-clearfix\"><\/div><\/div>\n<\/article>\n<article id=\"blog-1-post-7416\" class=\"fusion-post-grid post-7416 post type-post status-publish format-standard has-post-thumbnail hentry category-aerotermia-eu category-berrikuntza category-diagnostikoa-ingeniaritza-eta-kudeaketa category-energia-biltegiratzea category-fotovoltaikoa category-korporatiboa category-soluzio-elektrikoak-eta-klimatizazioa\">\n<div class=\"fusion-post-wrapper\" style=\"background-color:rgba(255,255,255,0);border:1px solid var(--awb-color2);border-bottom-width:3px;\">\n\n\t\t\t<div class=\"fusion-flexslider flexslider fusion-flexslider-loading fusion-post-slideshow\" style=\"border-color:var(--awb-color2);\">\n\t\t<ul class=\"slides\">\n\t\t\t\n\t\t\t\t\t\t\t\t\t\t\t\t\t\t<li><div  class=\"fusion-image-wrapper\" aria-haspopup=\"true\">\n\t\t\t\t<img decoding=\"async\" width=\"1201\" height=\"601\" src=\"https:\/\/ekisolar.com\/wp-content\/uploads\/2024\/11\/descarbonizacion_ekienergy.jpg\" class=\"attachment-full size-full lazyload wp-post-image\" alt=\"\" srcset=\"data:image\/svg+xml,%3Csvg%20xmlns%3D%27http%3A%2F%2Fwww.w3.org%2F2000%2Fsvg%27%20width%3D%271201%27%20height%3D%27601%27%20viewBox%3D%270%200%201201%20601%27%3E%3Crect%20width%3D%271201%27%20height%3D%27601%27%20fill-opacity%3D%220%22%2F%3E%3C%2Fsvg%3E\" data-orig-src=\"https:\/\/ekisolar.com\/wp-content\/uploads\/2024\/11\/descarbonizacion_ekienergy.jpg\" data-srcset=\"https:\/\/ekisolar.com\/wp-content\/uploads\/2024\/11\/descarbonizacion_ekienergy-200x100.jpg 200w, https:\/\/ekisolar.com\/wp-content\/uploads\/2024\/11\/descarbonizacion_ekienergy-400x200.jpg 400w, https:\/\/ekisolar.com\/wp-content\/uploads\/2024\/11\/descarbonizacion_ekienergy-600x300.jpg 600w, https:\/\/ekisolar.com\/wp-content\/uploads\/2024\/11\/descarbonizacion_ekienergy-800x400.jpg 800w, https:\/\/ekisolar.com\/wp-content\/uploads\/2024\/11\/descarbonizacion_ekienergy.jpg 1201w\" data-sizes=\"auto\" \/><div class=\"fusion-rollover\">\n\t<div class=\"fusion-rollover-content\">\n\n\t\t\t\t\n\t\t\n\t\t\t\t\t\t\t\t\t\t\t\t<h4 class=\"fusion-rollover-title\">\n\t\t\t\t\t<a class=\"fusion-rollover-title-link\" href=\"https:\/\/ekisolar.com\/eu\/deskarbonizazioa-eteentzako-aukera-paregabea\/\">\n\t\t\t\t\t\tDeskarbonizazioa, ETEentzako aukera paregabea\t\t\t\t\t<\/a>\n\t\t\t\t<\/h4>\n\t\t\t\n\t\t\t\t\t\t\t\t\n\t\t\n\t\t\t\t\t\t<a class=\"fusion-link-wrapper\" href=\"https:\/\/ekisolar.com\/eu\/deskarbonizazioa-eteentzako-aukera-paregabea\/\" aria-label=\"Deskarbonizazioa, ETEentzako aukera paregabea\"><\/a>\n\t<\/div>\n<\/div>\n<\/div>\n<\/li>\n\t\t\t\n\t\t\t\n\t\t\t\t\t\t\t\t\t\t\t\t\t\t\t\t\t\t\t\t\t\t\t\t\t\t\t\t\t\t\t\t\t\t\t\t\t\t\t\t\t\t\t\t\t\t\t\t\t\t\t\t\t\t\t\t\t\t\t\t\t\t\t\t\t\t\t\t<\/ul>\n\t<\/div>\n\t<div class=\"fusion-post-content-wrapper\" style=\"padding:30px 25px 25px 25px;\"><div class=\"fusion-post-content post-content\"><h2 class=\"blog-shortcode-post-title entry-title\"><a href=\"https:\/\/ekisolar.com\/eu\/deskarbonizazioa-eteentzako-aukera-paregabea\/\">Deskarbonizazioa, ETEentzako aukera paregabea<\/a><\/h2><p class=\"fusion-single-line-meta\"><span class=\"vcard\" style=\"display: none;\"><span class=\"fn\"><a href=\"https:\/\/ekisolar.com\/eu\/author\/ncencomunicacion\/\" title=\"Posts by NCencomunicacion\" rel=\"author\">NCencomunicacion<\/a><\/span><\/span><span class=\"updated\" style=\"display:none;\">2025-01-20T13:28:45+01:00<\/span><span>15 Iraila, 2024<\/span><span class=\"fusion-inline-sep\">|<\/span><\/p><div class=\"fusion-content-sep sep-double sep-solid\"><\/div><div class=\"fusion-post-content-container\"><p>ETEentzako trantsizio energetikoa EZ DA ingurumen- edo gizarte-erantzukizunarekin lotutako estrategia hutsa, aukera estrategiko bat ere bada. Deskarbonizazioaren bideari ekitea karbono-isuriak murrizteko modu bat BAINO GEHIAGO DA.<\/p><\/div><\/div><div class=\"fusion-meta-info\"><div class=\"fusion-alignleft\"><a class=\"fusion-read-more\" href=\"https:\/\/ekisolar.com\/eu\/deskarbonizazioa-eteentzako-aukera-paregabea\/\" aria-label=\"More on Deskarbonizazioa, ETEentzako aukera paregabea\">Jarraitu irakurtzen<\/a><\/div><\/div><\/div><div class=\"fusion-clearfix\"><\/div><\/div>\n<\/article>\n<article id=\"blog-1-post-7414\" class=\"fusion-post-grid post-7414 post type-post status-publish format-standard has-post-thumbnail hentry category-aerotermia-eu category-berrikuntza category-diagnostikoa-ingeniaritza-eta-kudeaketa category-energia-biltegiratzea category-fotovoltaikoa category-korporatiboa category-soluzio-elektrikoak-eta-klimatizazioa\">\n<div class=\"fusion-post-wrapper\" style=\"background-color:rgba(255,255,255,0);border:1px solid var(--awb-color2);border-bottom-width:3px;\">\n\n\t\t\t<div class=\"fusion-flexslider flexslider fusion-flexslider-loading fusion-post-slideshow\" style=\"border-color:var(--awb-color2);\">\n\t\t<ul class=\"slides\">\n\t\t\t\n\t\t\t\t\t\t\t\t\t\t\t\t\t\t<li><div  class=\"fusion-image-wrapper\" aria-haspopup=\"true\">\n\t\t\t\t<img decoding=\"async\" width=\"1201\" height=\"601\" src=\"https:\/\/ekisolar.com\/wp-content\/uploads\/2024\/08\/optimizadores_potencia_ekienergy.jpg\" class=\"attachment-full size-full lazyload wp-post-image\" alt=\"\" srcset=\"data:image\/svg+xml,%3Csvg%20xmlns%3D%27http%3A%2F%2Fwww.w3.org%2F2000%2Fsvg%27%20width%3D%271201%27%20height%3D%27601%27%20viewBox%3D%270%200%201201%20601%27%3E%3Crect%20width%3D%271201%27%20height%3D%27601%27%20fill-opacity%3D%220%22%2F%3E%3C%2Fsvg%3E\" data-orig-src=\"https:\/\/ekisolar.com\/wp-content\/uploads\/2024\/08\/optimizadores_potencia_ekienergy.jpg\" data-srcset=\"https:\/\/ekisolar.com\/wp-content\/uploads\/2024\/08\/optimizadores_potencia_ekienergy-200x100.jpg 200w, https:\/\/ekisolar.com\/wp-content\/uploads\/2024\/08\/optimizadores_potencia_ekienergy-400x200.jpg 400w, https:\/\/ekisolar.com\/wp-content\/uploads\/2024\/08\/optimizadores_potencia_ekienergy-600x300.jpg 600w, https:\/\/ekisolar.com\/wp-content\/uploads\/2024\/08\/optimizadores_potencia_ekienergy-800x400.jpg 800w, https:\/\/ekisolar.com\/wp-content\/uploads\/2024\/08\/optimizadores_potencia_ekienergy.jpg 1201w\" data-sizes=\"auto\" \/><div class=\"fusion-rollover\">\n\t<div class=\"fusion-rollover-content\">\n\n\t\t\t\t\n\t\t\n\t\t\t\t\t\t\t\t\t\t\t\t<h4 class=\"fusion-rollover-title\">\n\t\t\t\t\t<a class=\"fusion-rollover-title-link\" href=\"https:\/\/ekisolar.com\/eu\/zer-dira-potentzia-optimizatzaileak\/\">\n\t\t\t\t\t\tZer dira potentzia-optimizatzaileak?\t\t\t\t\t<\/a>\n\t\t\t\t<\/h4>\n\t\t\t\n\t\t\t\t\t\t\t\t\n\t\t\n\t\t\t\t\t\t<a class=\"fusion-link-wrapper\" href=\"https:\/\/ekisolar.com\/eu\/zer-dira-potentzia-optimizatzaileak\/\" aria-label=\"Zer dira potentzia-optimizatzaileak?\"><\/a>\n\t<\/div>\n<\/div>\n<\/div>\n<\/li>\n\t\t\t\n\t\t\t\n\t\t\t\t\t\t\t\t\t\t\t\t\t\t\t\t\t\t\t\t\t\t\t\t\t\t\t\t\t\t\t\t\t\t\t\t\t\t\t\t\t\t\t\t\t\t\t\t\t\t\t\t\t\t\t\t\t\t\t\t\t\t\t\t\t\t\t\t<\/ul>\n\t<\/div>\n\t<div class=\"fusion-post-content-wrapper\" style=\"padding:30px 25px 25px 25px;\"><div class=\"fusion-post-content post-content\"><h2 class=\"blog-shortcode-post-title entry-title\"><a href=\"https:\/\/ekisolar.com\/eu\/zer-dira-potentzia-optimizatzaileak\/\">Zer dira potentzia-optimizatzaileak?<\/a><\/h2><p class=\"fusion-single-line-meta\"><span class=\"vcard\" style=\"display: none;\"><span class=\"fn\"><a href=\"https:\/\/ekisolar.com\/eu\/author\/ncencomunicacion\/\" title=\"Posts by NCencomunicacion\" rel=\"author\">NCencomunicacion<\/a><\/span><\/span><span class=\"updated\" style=\"display:none;\">2025-01-20T13:26:38+01:00<\/span><span>15 Abuztua, 2024<\/span><span class=\"fusion-inline-sep\">|<\/span><\/p><div class=\"fusion-content-sep sep-double sep-solid\"><\/div><div class=\"fusion-post-content-container\"><p>Instalazio fotovoltaikoen funtsezko elementu horietako bat, eta agian gutxien ezagutzen direnetako bat, potentzia-optimizatzailea da. Gailu horren funtzioa funtsezkoa da sistemaren eraginkortasunerako, segurtasunerako eta optimizaziorako.<\/p><\/div><\/div><div class=\"fusion-meta-info\"><div class=\"fusion-alignleft\"><a class=\"fusion-read-more\" href=\"https:\/\/ekisolar.com\/eu\/zer-dira-potentzia-optimizatzaileak\/\" aria-label=\"More on Zer dira potentzia-optimizatzaileak?\">Jarraitu irakurtzen<\/a><\/div><\/div><\/div><div class=\"fusion-clearfix\"><\/div><\/div>\n<\/article>\n<article id=\"blog-1-post-7410\" class=\"fusion-post-grid post-7410 post type-post status-publish format-standard has-post-thumbnail hentry category-fotovoltaikoa category-korporatiboa category-soluzio-elektrikoak-eta-klimatizazioa\">\n<div class=\"fusion-post-wrapper\" style=\"background-color:rgba(255,255,255,0);border:1px solid var(--awb-color2);border-bottom-width:3px;\">\n\n\t\t\t<div class=\"fusion-flexslider flexslider fusion-flexslider-loading fusion-post-slideshow\" style=\"border-color:var(--awb-color2);\">\n\t\t<ul class=\"slides\">\n\t\t\t\n\t\t\t\t\t\t\t\t\t\t\t\t\t\t<li><div  class=\"fusion-image-wrapper\" aria-haspopup=\"true\">\n\t\t\t\t<img decoding=\"async\" width=\"1201\" height=\"601\" src=\"https:\/\/ekisolar.com\/wp-content\/uploads\/2024\/11\/cunext_finalizacioin_ekienergy.jpg\" class=\"attachment-full size-full lazyload wp-post-image\" alt=\"\" srcset=\"data:image\/svg+xml,%3Csvg%20xmlns%3D%27http%3A%2F%2Fwww.w3.org%2F2000%2Fsvg%27%20width%3D%271201%27%20height%3D%27601%27%20viewBox%3D%270%200%201201%20601%27%3E%3Crect%20width%3D%271201%27%20height%3D%27601%27%20fill-opacity%3D%220%22%2F%3E%3C%2Fsvg%3E\" data-orig-src=\"https:\/\/ekisolar.com\/wp-content\/uploads\/2024\/11\/cunext_finalizacioin_ekienergy.jpg\" data-srcset=\"https:\/\/ekisolar.com\/wp-content\/uploads\/2024\/11\/cunext_finalizacioin_ekienergy-200x100.jpg 200w, https:\/\/ekisolar.com\/wp-content\/uploads\/2024\/11\/cunext_finalizacioin_ekienergy-400x200.jpg 400w, https:\/\/ekisolar.com\/wp-content\/uploads\/2024\/11\/cunext_finalizacioin_ekienergy-600x300.jpg 600w, https:\/\/ekisolar.com\/wp-content\/uploads\/2024\/11\/cunext_finalizacioin_ekienergy-800x400.jpg 800w, https:\/\/ekisolar.com\/wp-content\/uploads\/2024\/11\/cunext_finalizacioin_ekienergy.jpg 1201w\" data-sizes=\"auto\" \/><div class=\"fusion-rollover\">\n\t<div class=\"fusion-rollover-content\">\n\n\t\t\t\t\n\t\t\n\t\t\t\t\t\t\t\t\t\t\t\t<h4 class=\"fusion-rollover-title\">\n\t\t\t\t\t<a class=\"fusion-rollover-title-link\" href=\"https:\/\/ekisolar.com\/eu\/ekienergyk-euskadiko-estalki-gaineko-autokontsumorako-instalazio-handienetako-bat-amaitu-du\/\">\n\t\t\t\t\t\tEKIENERGYk Euskadiko estalki gaineko autokontsumorako instalazio handienetako bat amaitu du\t\t\t\t\t<\/a>\n\t\t\t\t<\/h4>\n\t\t\t\n\t\t\t\t\t\t\t\t\n\t\t\n\t\t\t\t\t\t<a class=\"fusion-link-wrapper\" href=\"https:\/\/ekisolar.com\/eu\/ekienergyk-euskadiko-estalki-gaineko-autokontsumorako-instalazio-handienetako-bat-amaitu-du\/\" aria-label=\"EKIENERGYk Euskadiko estalki gaineko autokontsumorako instalazio handienetako bat amaitu du\"><\/a>\n\t<\/div>\n<\/div>\n<\/div>\n<\/li>\n\t\t\t\n\t\t\t\n\t\t\t\t\t\t\t\t\t\t\t\t\t\t\t\t\t\t\t\t\t\t\t\t\t\t\t\t\t\t\t\t\t\t\t\t\t\t\t\t\t\t\t\t\t\t\t\t\t\t\t\t\t\t\t\t\t\t\t\t\t\t\t\t\t\t\t\t<\/ul>\n\t<\/div>\n\t<div class=\"fusion-post-content-wrapper\" style=\"padding:30px 25px 25px 25px;\"><div class=\"fusion-post-content post-content\"><h2 class=\"blog-shortcode-post-title entry-title\"><a href=\"https:\/\/ekisolar.com\/eu\/ekienergyk-euskadiko-estalki-gaineko-autokontsumorako-instalazio-handienetako-bat-amaitu-du\/\">EKIENERGYk Euskadiko estalki gaineko autokontsumorako instalazio handienetako bat amaitu du<\/a><\/h2><p class=\"fusion-single-line-meta\"><span class=\"vcard\" style=\"display: none;\"><span class=\"fn\"><a href=\"https:\/\/ekisolar.com\/eu\/author\/ncencomunicacion\/\" title=\"Posts by NCencomunicacion\" rel=\"author\">NCencomunicacion<\/a><\/span><\/span><span class=\"updated\" style=\"display:none;\">2025-01-20T13:24:28+01:00<\/span><span>1 Uztaila, 2024<\/span><span class=\"fusion-inline-sep\">|<\/span><\/p><div class=\"fusion-content-sep sep-double sep-solid\"><\/div><div class=\"fusion-post-content-container\"><p>Harro gaude Euskadiko estalki gaineko autokontsumorako instalazio handienetako bat egin dugulako. Espainiako EDPrekin batera gauzatutako proiektua da, eta kalitate goreneko kobrearen eta aluminioaren transformazioan erreferentziazkoa den Cunext Groupek jarritako konfiantzari erantzuten dio.<\/p><\/div><\/div><div class=\"fusion-meta-info\"><div class=\"fusion-alignleft\"><a class=\"fusion-read-more\" href=\"https:\/\/ekisolar.com\/eu\/ekienergyk-euskadiko-estalki-gaineko-autokontsumorako-instalazio-handienetako-bat-amaitu-du\/\" aria-label=\"More on EKIENERGYk Euskadiko estalki gaineko autokontsumorako instalazio handienetako bat amaitu du\">Jarraitu irakurtzen<\/a><\/div><\/div><\/div><div class=\"fusion-clearfix\"><\/div><\/div>\n<\/article>\n<div class=\"fusion-clearfix\"><\/div><\/div><\/div><\/div><\/div><div class=\"fusion-layout-column fusion_builder_column fusion-builder-column-1 fusion_builder_column_1_4 1_4 fusion-flex-column fusion-animated\" style=\"--awb-padding-top:30px;--awb-padding-right:30px;--awb-padding-bottom:30px;--awb-padding-left:30px;--awb-bg-color:var(--awb-color2);--awb-bg-color-hover:var(--awb-color2);--awb-bg-size:cover;--awb-width-large:25%;--awb-margin-top-large:0px;--awb-spacing-right-large:7.68%;--awb-margin-bottom-large:20px;--awb-spacing-left-large:7.68%;--awb-width-medium:25%;--awb-order-medium:0;--awb-spacing-right-medium:7.68%;--awb-spacing-left-medium:7.68%;--awb-width-small:100%;--awb-order-small:0;--awb-spacing-right-small:1.92%;--awb-margin-bottom-small:40px;--awb-spacing-left-small:1.92%;\" data-animationType=\"fadeInUp\" data-animationDuration=\"1.3\" data-animationOffset=\"top-into-view\" data-scroll-devices=\"small-visibility,medium-visibility,large-visibility\"><div class=\"fusion-column-wrapper fusion-column-has-shadow fusion-flex-justify-content-flex-start fusion-content-layout-column\"><div class=\"fusion-widget-area awb-widget-area-element fusion-widget-area-1 fusion-content-widget-area\" style=\"--awb-title-size:28.43px;--awb-title-color:var(--awb-color8);--awb-padding:0px 0px 0px 0px;\">\n\t\t<section id=\"recent-posts-6\" class=\"widget widget_recent_entries\" style=\"border-style: solid;border-color:transparent;border-width:0px;\">\n\t\t<div class=\"heading\"><h4 class=\"widget-title\">Azken albisteak<\/h4><\/div>\n\t\t<ul>\n\t\t\t\t\t\t\t\t\t\t\t<li>\n\t\t\t\t\t<a href=\"https:\/\/ekisolar.com\/eu\/sigue-el-tiron-del-autonconsumo-con-fuerza\/\">Sigue el tir\u00f3n del autonconsumo con fuerza<\/a>\n\t\t\t\t\t\t\t\t\t<\/li>\n\t\t\t\t\t\t\t\t\t\t\t<li>\n\t\t\t\t\t<a href=\"https:\/\/ekisolar.com\/eu\/ekienergy-realiza-la-instalacion-fotovoltaica-para-autochapistas-en-mutilva-navarra\/\">EKIENERGY realiza la instalaci\u00f3n fotovoltaica para Autochapistas en Mutilva (Navarra)<\/a>\n\t\t\t\t\t\t\t\t\t<\/li>\n\t\t\t\t\t\t\t\t\t\t\t<li>\n\t\t\t\t\t<a href=\"https:\/\/ekisolar.com\/eu\/veinte-anos-no-son-nada-o-si-una-mirada-no-nostalgica-al-sector-fotovoltaico-en-2006\/\">Veinte a\u00f1os no son nada&#8230; o s\u00ed; una mirada &#8220;no nost\u00e1lgica&#8221; al sector fotovoltaico en 2006<\/a>\n\t\t\t\t\t\t\t\t\t<\/li>\n\t\t\t\t\t<\/ul>\n\n\t\t<\/section><section id=\"categories-3\" class=\"widget widget_categories\" style=\"border-style: solid;border-color:transparent;border-width:0px;\"><div class=\"heading\"><h4 class=\"widget-title\">Kategoriak<\/h4><\/div>\n\t\t\t<ul>\n\t\t\t\t\t<li class=\"cat-item cat-item-86\"><a href=\"https:\/\/ekisolar.com\/eu\/category\/aerotermia-eu\/\">Aerotermia industriala<\/a>\n<\/li>\n\t<li class=\"cat-item cat-item-91\"><a href=\"https:\/\/ekisolar.com\/eu\/category\/berrikuntza\/\">Berrikuntza<\/a>\n<\/li>\n\t<li class=\"cat-item cat-item-89\"><a href=\"https:\/\/ekisolar.com\/eu\/category\/diagnostikoa-ingeniaritza-eta-kudeaketa\/\">Diagnostikoa, ingeniaritza eta kudeaketa<\/a>\n<\/li>\n\t<li class=\"cat-item cat-item-87\"><a href=\"https:\/\/ekisolar.com\/eu\/category\/energia-biltegiratzea\/\">Energia-biltegiratzea<\/a>\n<\/li>\n\t<li class=\"cat-item cat-item-90\"><a href=\"https:\/\/ekisolar.com\/eu\/category\/fotovoltaikoa\/\">Fotovoltaikoa<\/a>\n<\/li>\n\t<li class=\"cat-item cat-item-88\"><a href=\"https:\/\/ekisolar.com\/eu\/category\/korporatiboa\/\">Korporatiboa<\/a>\n<\/li>\n\t<li class=\"cat-item cat-item-92\"><a href=\"https:\/\/ekisolar.com\/eu\/category\/soluzio-elektrikoak-eta-klimatizazioa\/\">Soluzio elektrikoak eta klimatizazioa<\/a>\n<\/li>\n\t\t\t<\/ul>\n\n\t\t\t<\/section><section id=\"archives-3\" class=\"widget widget_archive\" style=\"border-style: solid;border-color:transparent;border-width:0px;\"><div class=\"heading\"><h4 class=\"widget-title\">Historikoa<\/h4><\/div>\n\t\t\t<ul>\n\t\t\t\t\t<li><a href='https:\/\/ekisolar.com\/eu\/2025\/02\/'>Otsaila 2025<\/a><\/li>\n\t<li><a href='https:\/\/ekisolar.com\/eu\/2025\/01\/'>Urtarrila 2025<\/a><\/li>\n\t<li><a href='https:\/\/ekisolar.com\/eu\/2024\/11\/'>Azaroa 2024<\/a><\/li>\n\t<li><a href='https:\/\/ekisolar.com\/eu\/2024\/10\/'>Urria 2024<\/a><\/li>\n\t<li><a href='https:\/\/ekisolar.com\/eu\/2024\/09\/'>Iraila 2024<\/a><\/li>\n\t<li><a href='https:\/\/ekisolar.com\/eu\/2024\/08\/'>Abuztua 2024<\/a><\/li>\n\t<li><a href='https:\/\/ekisolar.com\/eu\/2024\/07\/'>Uztaila 2024<\/a><\/li>\n\t\t\t<\/ul>\n\n\t\t\t<\/section><div class=\"fusion-additional-widget-content\"><\/div><\/div><\/div><\/div><\/div><\/div>\n","protected":false},"excerpt":{"rendered":"","protected":false},"author":2,"featured_media":6782,"parent":0,"menu_order":12,"comment_status":"closed","ping_status":"closed","template":"100-width.php","meta":{"_acf_changed":false,"footnotes":""},"class_list":["post-7245","page","type-page","status-publish","has-post-thumbnail","hentry"],"acf":[],"_links":{"self":[{"href":"https:\/\/ekisolar.com\/eu\/wp-json\/wp\/v2\/pages\/7245","targetHints":{"allow":["GET"]}}],"collection":[{"href":"https:\/\/ekisolar.com\/eu\/wp-json\/wp\/v2\/pages"}],"about":[{"href":"https:\/\/ekisolar.com\/eu\/wp-json\/wp\/v2\/types\/page"}],"author":[{"embeddable":true,"href":"https:\/\/ekisolar.com\/eu\/wp-json\/wp\/v2\/users\/2"}],"replies":[{"embeddable":true,"href":"https:\/\/ekisolar.com\/eu\/wp-json\/wp\/v2\/comments?post=7245"}],"version-history":[{"count":1,"href":"https:\/\/ekisolar.com\/eu\/wp-json\/wp\/v2\/pages\/7245\/revisions"}],"predecessor-version":[{"id":7246,"href":"https:\/\/ekisolar.com\/eu\/wp-json\/wp\/v2\/pages\/7245\/revisions\/7246"}],"wp:featuredmedia":[{"embeddable":true,"href":"https:\/\/ekisolar.com\/eu\/wp-json\/wp\/v2\/media\/6782"}],"wp:attachment":[{"href":"https:\/\/ekisolar.com\/eu\/wp-json\/wp\/v2\/media?parent=7245"}],"curies":[{"name":"wp","href":"https:\/\/api.w.org\/{rel}","templated":true}]}}